{"id":59,"date":"2018-08-29T21:17:59","date_gmt":"2018-08-29T21:17:59","guid":{"rendered":"http:\/\/reforma-pr.com\/?page_id=59"},"modified":"2018-08-30T12:54:24","modified_gmt":"2018-08-30T12:54:24","slug":"konkurse","status":"publish","type":"page","link":"https:\/\/reforma-pr.com\/en\/konkurse\/","title":{"rendered":"Konkurse"},"content":{"rendered":"<h2>Karrier\u00eb n\u00eb REFORMA<\/h2>\n<p>Si nj\u00eb lider p\u00ebr shitjen e veturave t\u00eb mark\u00ebs AUDI n\u00eb Kosov\u00eb, Kompania Reforma ju mund\u00ebson t\u00eb gjith\u00eb atyre q\u00eb jan\u00eb t\u00eb motivuar p\u00ebr pun\u00eb dhe kan\u00eb ambicie q\u00eb t\u00eb punojn\u00eb, ti bashkohen ekipin ton\u00eb. Ne po ashtu promovojm\u00eb puntor\u00ebt tan\u00eb dhe ju ofrojm\u00eb nj\u00eb ambient t\u00eb mir\u00eb dhe tretman dinjitoz.<\/p>","protected":false},"excerpt":{"rendered":"Karrier\u00eb n\u00eb REFORMA Si nj\u00eb lider p\u00ebr shitjen e veturave t\u00eb mark\u00ebs AUDI n\u00eb Kosov\u00eb, Kompania Reforma ju mund\u00ebson t\u00eb gjith\u00eb atyre q\u00eb jan\u00eb t\u00eb motivuar p\u00ebr pun\u00eb dhe kan\u00eb ambicie q\u00eb t\u00eb punojn\u00eb, ti bashkohen ekipin ton\u00eb. Ne po ashtu promovojm\u00eb puntor\u00ebt tan\u00eb dhe ju ofrojm\u00eb nj\u00eb ambient t\u00eb mir\u00eb dhe tretman dinjitoz.","protected":false},"author":1,"featured_media":0,"parent":0,"menu_order":0,"comment_status":"closed","ping_status":"closed","template":"page-konkurs.php","meta":{"_acf_changed":false,"footnotes":""},"class_list":["post-59","page","type-page","status-publish","hentry"],"acf":[],"_links":{"self":[{"href":"https:\/\/reforma-pr.com\/en\/wp-json\/wp\/v2\/pages\/59","targetHints":{"allow":["GET"]}}],"collection":[{"href":"https:\/\/reforma-pr.com\/en\/wp-json\/wp\/v2\/pages"}],"about":[{"href":"https:\/\/reforma-pr.com\/en\/wp-json\/wp\/v2\/types\/page"}],"author":[{"embeddable":true,"href":"https:\/\/reforma-pr.com\/en\/wp-json\/wp\/v2\/users\/1"}],"replies":[{"embeddable":true,"href":"https:\/\/reforma-pr.com\/en\/wp-json\/wp\/v2\/comments?post=59"}],"version-history":[{"count":7,"href":"https:\/\/reforma-pr.com\/en\/wp-json\/wp\/v2\/pages\/59\/revisions"}],"predecessor-version":[{"id":229,"href":"https:\/\/reforma-pr.com\/en\/wp-json\/wp\/v2\/pages\/59\/revisions\/229"}],"wp:attachment":[{"href":"https:\/\/reforma-pr.com\/en\/wp-json\/wp\/v2\/media?parent=59"}],"curies":[{"name":"wp","href":"https:\/\/api.w.org\/{rel}","templated":true}]}}